{"id":13031,"date":"2020-11-25T10:21:24","date_gmt":"2020-11-25T10:21:24","guid":{"rendered":"https:\/\/infermeriabalear.com\/?page_id=13031"},"modified":"2024-10-04T15:33:10","modified_gmt":"2024-10-04T13:33:10","slug":"asesoria-de-investigacion","status":"publish","type":"page","link":"https:\/\/infermeriabalear.com\/es\/asesoria-de-investigacion\/","title":{"rendered":"Asesor\u00eda de Investigaci\u00f3n"},"content":{"rendered":"<div class=\"wpb-content-wrapper\"><div      class=\"vc_row wpb_row section  grid_section\" style=' border-bottom: 1px solid #e8e8e8; text-align:left;'><div class=\" section_inner clearfix\"><div class='section_inner_margin clearfix'><div class=\"wpb_column vc_column_container vc_col-sm-12\"><div class=\"vc_column-inner\"><div class=\"wpb_wrapper\"><div class=\"vc_empty_space\"   style=\"height: 32px\"><span class=\"vc_empty_space_inner\"><\/span><\/div>\n\t<div class=\"wpb_text_column wpb_content_element \" >\n\t\t<div class=\"wpb_wrapper\">\n\t\t\t<div class=\"registro\">\n<div class=\"vc_row wpb_row section grid_section\">\n<div class=\" section_inner clearfix\">\n<div class=\"section_inner_margin clearfix\">\n<div class=\"wpb_column vc_column_container vc_col-sm-12\">\n<div class=\"vc_column-inner\">\n<div class=\"wpb_wrapper\">\n<div class=\"wpb_text_column wpb_content_element \">\n<div class=\"wpb_wrapper\">\n<div class=\"registro\">\n<p>La\u00a0<strong>comunidad cient\u00edfica enfermera<\/strong>\u00a0crece cada d\u00eda, por esta raz\u00f3n, desde el Colegio de enfermeras de las Baleares ten\u00e9is a vuestra disposici\u00f3n la Asesor\u00eda de investigaci\u00f3n.<\/p>\n<p>El objetivo principal es poder ofreceros desde el COIBA apoyo para cualquier actividad relacionada con la investigaci\u00f3n, tanto en la preparaci\u00f3n de proyectos como en la difusi\u00f3n de sus resultados.<\/p>\n<p>La necesidad de investigar de cualquier profesional lo puede traer a hacer investigaci\u00f3n primaria (investigaci\u00f3n que mediante un trabajo produce unos resultados) o secundaria (generar un nuevo conocimiento a trav\u00e9s de la revisi\u00f3n de resultados).<\/p>\n<\/div>\n<\/div>\n<\/div>\n<\/div>\n<\/div>\n<\/div>\n<\/div>\n<\/div>\n<\/div>\n<\/div>\n\n\t\t<\/div>\n\t<\/div>\n<div class=\"vc_empty_space\"   style=\"height: 15px\"><span class=\"vc_empty_space_inner\"><\/span><\/div>\n\t<div class=\"wpb_text_column wpb_content_element \" >\n\t\t<div class=\"wpb_wrapper\">\n\t\t\t<p>Si est\u00e1s interesado, puedes ponerte en contacto con el COIBA para solicitar cita previa con el asesor:<\/p>\n<p>&nbsp;<\/p>\n<p><strong>Sr. Joan E. De Pedro G\u00f3mez.<\/strong><\/p>\n<p>Mi\u00e9rcoles (17h a 19h).<\/p>\n<p>&nbsp;<\/p>\n\n\t\t<\/div>\n\t<\/div>\n<div class='q_icon_with_title tiny icon_image'><div class=\"icon_holder \" style=\" \"><img decoding=\"async\" style=\"\" src=\"https:\/\/infermeriabalear.com\/wp-content\/uploads\/2021\/02\/telf-1.png\" alt=\"\"><\/div><div class=\"icon_text_holder\"><div class=\"icon_text_inner\" style=\"\"><h4 class=\"icon_title\" style=\"\">Tel: 971462728<\/h4><p style=''><\/p><\/div><\/div><\/div><div class='q_icon_with_title tiny icon_image'><div class=\"icon_holder \" style=\" \"><img decoding=\"async\" style=\"\" src=\"https:\/\/infermeriabalear.com\/wp-content\/uploads\/2021\/02\/form-1.png\" alt=\"\"><\/div><div class=\"icon_text_holder\"><div class=\"icon_text_inner\" style=\"\"><h4 class=\"icon_title\" style=\"\"><\/h4><p style=''><\/p><a class='icon_with_title_link' href='https:\/\/vu.infermeriabalear.com\/ca\/colegiado?redirect=https:\/\/vu.infermeriabalear.com\/ca\/colegiado\/tramites\/88-sollicitud-d039assessoria' target='_self' style=''>FORMULARIO DE CONTACTO<\/a><\/div><\/div><\/div><div class=\"vc_empty_space\"   style=\"height: 15px\"><span class=\"vc_empty_space_inner\"><\/span><\/div><\/div><\/div><\/div><div class=\"wpb_column vc_column_container vc_col-sm-12\"><div class=\"vc_column-inner\"><div class=\"wpb_wrapper\"><\/div><\/div><\/div><\/div><\/div><\/div><div      class=\"vc_row wpb_row section  grid_section\" style=' text-align:left;'><div class=\" section_inner clearfix\"><div class='section_inner_margin clearfix'><div class=\"wpb_column vc_column_container vc_col-sm-12\"><div class=\"vc_column-inner\"><div class=\"wpb_wrapper\"><div class=\"vc_empty_space\"   style=\"height: 50px\"><span class=\"vc_empty_space_inner\"><\/span><\/div>\n\t<div class=\"wpb_text_column wpb_content_element \" >\n\t\t<div class=\"wpb_wrapper\">\n\t\t\t<h2>Participaci\u00f3n en estudios<\/h2>\n\n\t\t<\/div>\n\t<\/div>\n<div class=\"vc_empty_space\"   style=\"height: 32px\"><span class=\"vc_empty_space_inner\"><\/span><\/div><\/div><\/div><\/div><\/div><\/div><\/div><div      class=\"vc_row wpb_row section  grid_section\" style=' text-align:left;'><div class=\" section_inner clearfix\"><div class='section_inner_margin clearfix'><div class=\"wpb_column vc_column_container vc_col-sm-12\"><div class=\"vc_column-inner\"><div class=\"wpb_wrapper\"><div class='latest_post_holder boxes four_columns'><ul><li class=\"clearfix\"><div class=\"boxes_image\"><img loading=\"lazy\" decoding=\"async\" width=\"1100\" height=\"619\" src=\"https:\/\/infermeriabalear.com\/wp-content\/uploads\/2025\/12\/Planilla-general_web-IG-4.png\" class=\"attachment-latest_post_boxes size-latest_post_boxes wp-post-image\" alt=\"\" srcset=\"https:\/\/infermeriabalear.com\/wp-content\/uploads\/2025\/12\/Planilla-general_web-IG-4.png 1100w, https:\/\/infermeriabalear.com\/wp-content\/uploads\/2025\/12\/Planilla-general_web-IG-4-300x169.png 300w, https:\/\/infermeriabalear.com\/wp-content\/uploads\/2025\/12\/Planilla-general_web-IG-4-400x225.png 400w, https:\/\/infermeriabalear.com\/wp-content\/uploads\/2025\/12\/Planilla-general_web-IG-4-768x432.png 768w, https:\/\/infermeriabalear.com\/wp-content\/uploads\/2025\/12\/Planilla-general_web-IG-4-18x10.png 18w\" sizes=\"auto, (max-width: 1100px) 100vw, 1100px\" \/><\/div><div class=\"latest_post\"><div class=\"latest_post_text\"><div class=\"latest_post_inner\"><div class=\"latest_post_text_inner\"><h5 class=\"latest_post_title \"><a href=\"https:\/\/infermeriabalear.com\/es\/2025\/12\/29\/encuesta-sobre-el-conocimiento-en-cuidados-nutricionales-de-las-enfermeras-de-uci\/\">Encuesta sobre el conocimiento en cuidados nutricionales de las enfermeras de UCI<\/a><\/h5><p class=\"boxes_excerpt\">Un compa\u00f1ero enfermero, Vicente Dom\u00e9nech Briz, est\u00e1 realizando su doctorado en Enfermer\u00eda (Universitat de Val\u00e8ncia). Para ello, est\u00e1 recabando informaci\u00f3n......<\/p><span class=\"post_infos\"><\/span><\/div><\/div><\/div><\/div><li class=\"clearfix\"><div class=\"boxes_image\"><img loading=\"lazy\" decoding=\"async\" width=\"1600\" height=\"900\" src=\"https:\/\/infermeriabalear.com\/wp-content\/uploads\/2024\/12\/Recerca-e1738084263780.png\" class=\"attachment-latest_post_boxes size-latest_post_boxes wp-post-image\" alt=\"\" srcset=\"https:\/\/infermeriabalear.com\/wp-content\/uploads\/2024\/12\/Recerca-e1738084263780.png 1600w, https:\/\/infermeriabalear.com\/wp-content\/uploads\/2024\/12\/Recerca-e1738084263780-300x169.png 300w, https:\/\/infermeriabalear.com\/wp-content\/uploads\/2024\/12\/Recerca-e1738084263780-400x225.png 400w, https:\/\/infermeriabalear.com\/wp-content\/uploads\/2024\/12\/Recerca-e1738084263780-768x432.png 768w, https:\/\/infermeriabalear.com\/wp-content\/uploads\/2024\/12\/Recerca-e1738084263780-1536x864.png 1536w, https:\/\/infermeriabalear.com\/wp-content\/uploads\/2024\/12\/Recerca-e1738084263780-18x10.png 18w\" sizes=\"auto, (max-width: 1600px) 100vw, 1600px\" \/><\/div><div class=\"latest_post\"><div class=\"latest_post_text\"><div class=\"latest_post_inner\"><div class=\"latest_post_text_inner\"><h5 class=\"latest_post_title \"><a href=\"https:\/\/infermeriabalear.com\/es\/2025\/10\/24\/encuesta-para-el-estudio-percepciones-de-las-enfermeras-de-atencion-primaria-en-espana-sobre-sus-competencias-digitales\/\">Encuesta para el estudio: \u201cPercepciones de las enfermeras de Atenci\u00f3n Primaria en Espa\u00f1a sobre sus competencias digitales&#8221;<\/a><\/h5><p class=\"boxes_excerpt\">Una compa\u00f1era enfermera especialista en Familiar y Comunitaria e investigadora de la Universidad de Almer\u00eda, Paloma Robles Aguilar, para su......<\/p><span class=\"post_infos\"><\/span><\/div><\/div><\/div><\/div><li class=\"clearfix\"><div class=\"boxes_image\"><img loading=\"lazy\" decoding=\"async\" width=\"1280\" height=\"721\" src=\"https:\/\/infermeriabalear.com\/wp-content\/uploads\/2024\/04\/audit-3929140_1280-e1713783417480.jpg\" class=\"attachment-latest_post_boxes size-latest_post_boxes wp-post-image\" alt=\"\" srcset=\"https:\/\/infermeriabalear.com\/wp-content\/uploads\/2024\/04\/audit-3929140_1280-e1713783417480.jpg 1280w, https:\/\/infermeriabalear.com\/wp-content\/uploads\/2024\/04\/audit-3929140_1280-e1713783417480-300x169.jpg 300w, https:\/\/infermeriabalear.com\/wp-content\/uploads\/2024\/04\/audit-3929140_1280-e1713783417480-400x225.jpg 400w, https:\/\/infermeriabalear.com\/wp-content\/uploads\/2024\/04\/audit-3929140_1280-e1713783417480-768x433.jpg 768w, https:\/\/infermeriabalear.com\/wp-content\/uploads\/2024\/04\/audit-3929140_1280-e1713783417480-18x10.jpg 18w\" sizes=\"auto, (max-width: 1280px) 100vw, 1280px\" \/><\/div><div class=\"latest_post\"><div class=\"latest_post_text\"><div class=\"latest_post_inner\"><div class=\"latest_post_text_inner\"><h5 class=\"latest_post_title \"><a href=\"https:\/\/infermeriabalear.com\/es\/2025\/10\/24\/cuestionario-para-estudio-mirlo-sobre-el-sufrimiento-moral-en-las-profesiones-sanitarias\/\">Cuestionario para Estudio MIRLO sobre \u201cEl sufrimiento moral en las profesiones sanitarias\u201d<\/a><\/h5><p class=\"boxes_excerpt\">Una psic\u00f3loga de Departamento de Psicolog\u00eda Cognitiva, Social y Organizacional de la Universidad de la Laguna, Elena Lorenzo, est\u00e1 realizando......<\/p><span class=\"post_infos\"><\/span><\/div><\/div><\/div><\/div><li class=\"clearfix\"><div class=\"boxes_image\"><img loading=\"lazy\" decoding=\"async\" width=\"1600\" height=\"900\" src=\"https:\/\/infermeriabalear.com\/wp-content\/uploads\/2025\/08\/Diseno-sin-titulo-2.png\" class=\"attachment-latest_post_boxes size-latest_post_boxes wp-post-image\" alt=\"\" srcset=\"https:\/\/infermeriabalear.com\/wp-content\/uploads\/2025\/08\/Diseno-sin-titulo-2.png 1600w, https:\/\/infermeriabalear.com\/wp-content\/uploads\/2025\/08\/Diseno-sin-titulo-2-300x169.png 300w, https:\/\/infermeriabalear.com\/wp-content\/uploads\/2025\/08\/Diseno-sin-titulo-2-400x225.png 400w, https:\/\/infermeriabalear.com\/wp-content\/uploads\/2025\/08\/Diseno-sin-titulo-2-768x432.png 768w, https:\/\/infermeriabalear.com\/wp-content\/uploads\/2025\/08\/Diseno-sin-titulo-2-1536x864.png 1536w, https:\/\/infermeriabalear.com\/wp-content\/uploads\/2025\/08\/Diseno-sin-titulo-2-18x10.png 18w\" sizes=\"auto, (max-width: 1600px) 100vw, 1600px\" \/><\/div><div class=\"latest_post\"><div class=\"latest_post_text\"><div class=\"latest_post_inner\"><div class=\"latest_post_text_inner\"><h5 class=\"latest_post_title \"><a href=\"https:\/\/infermeriabalear.com\/es\/2025\/08\/11\/encuesta-de-percepcion-sobre-las-barreras-sociales-en-salud-mental\/\">Encuesta de percepci\u00f3n sobre las barreras sociales en salud mental<\/a><\/h5><p class=\"boxes_excerpt\">Este estudio impulsado por la Direcci\u00f3 General de Salut Mental de la Conselleria de Salut, la Fundaci\u00f3 Universitat-Empresa de les......<\/p><span class=\"post_infos\"><\/span><\/div><\/div><\/div><\/div><\/ul><\/div><\/div><\/div><\/div><\/div><\/div><\/div><div      class=\"vc_row wpb_row section \" style=' text-align:left;'><div class=\" clearfix\"><div class=\"wpb_column vc_column_container vc_col-sm-12\"><div class=\"vc_column-inner\"><div class=\"wpb_wrapper\"><div class=\"vc_empty_space\"   style=\"height: 82px\"><span class=\"vc_empty_space_inner\"><\/span><\/div><\/div><\/div><\/div><\/div><\/div>\n<\/div>","protected":false},"excerpt":{"rendered":"Este estudio impulsado por la Direcci\u00f3 General de Salut Mental de la Conselleria de Salut, la Fundaci\u00f3 Universitat-Empresa de les...","protected":false},"author":9,"featured_media":0,"parent":0,"menu_order":0,"comment_status":"open","ping_status":"closed","template":"full_width.php","meta":{"footnotes":""},"class_list":["post-13031","page","type-page","status-publish","hentry"],"_links":{"self":[{"href":"https:\/\/infermeriabalear.com\/es\/wp-json\/wp\/v2\/pages\/13031","targetHints":{"allow":["GET"]}}],"collection":[{"href":"https:\/\/infermeriabalear.com\/es\/wp-json\/wp\/v2\/pages"}],"about":[{"href":"https:\/\/infermeriabalear.com\/es\/wp-json\/wp\/v2\/types\/page"}],"author":[{"embeddable":true,"href":"https:\/\/infermeriabalear.com\/es\/wp-json\/wp\/v2\/users\/9"}],"replies":[{"embeddable":true,"href":"https:\/\/infermeriabalear.com\/es\/wp-json\/wp\/v2\/comments?post=13031"}],"version-history":[{"count":28,"href":"https:\/\/infermeriabalear.com\/es\/wp-json\/wp\/v2\/pages\/13031\/revisions"}],"predecessor-version":[{"id":40446,"href":"https:\/\/infermeriabalear.com\/es\/wp-json\/wp\/v2\/pages\/13031\/revisions\/40446"}],"wp:attachment":[{"href":"https:\/\/infermeriabalear.com\/es\/wp-json\/wp\/v2\/media?parent=13031"}],"curies":[{"name":"wp","href":"https:\/\/api.w.org\/{rel}","templated":true}]}}