{"id":13038,"date":"2020-11-25T10:25:48","date_gmt":"2020-11-25T09:25:48","guid":{"rendered":"https:\/\/infermeriabalear.com\/?page_id=13038"},"modified":"2026-02-16T12:54:28","modified_gmt":"2026-02-16T11:54:28","slug":"asesoria_psicoemocional","status":"publish","type":"page","link":"https:\/\/infermeriabalear.com\/es\/asesoria_psicoemocional\/","title":{"rendered":"Asesor\u00eda de Atenci\u00f3n Psicoemocional"},"content":{"rendered":"<div class=\"wpb-content-wrapper\"><div      class=\"vc_row wpb_row section  grid_section\" style=' text-align:left;'><div class=\" section_inner clearfix\"><div class='section_inner_margin clearfix'><div class=\"wpb_column vc_column_container vc_col-sm-12\"><div class=\"vc_column-inner\"><div class=\"wpb_wrapper\"><div class=\"vc_empty_space\"   style=\"height: 60px\"><span class=\"vc_empty_space_inner\"><\/span><\/div><\/div><\/div><\/div><\/div><\/div><\/div><div      class=\"vc_row wpb_row section  grid_section\" style=' text-align:left;'><div class=\" section_inner clearfix\"><div class='section_inner_margin clearfix'><div class=\"wpb_column vc_column_container vc_col-sm-3\"><div class=\"vc_column-inner\"><div class=\"wpb_wrapper\"><div class='q_icon_with_title small normal_icon'><div class=\"icon_holder \" style=\" \"><span style=\"\" class=\"q_font_awsome_icon fa-2x \"><i class=\"fa fa-comment\" style=\"color: #2cccd3;\"><\/i><\/span><\/div><div class=\"icon_text_holder\"><div class=\"icon_text_inner\" style=\"\"><h4 class=\"icon_title\" style=\"\">AAPEL<\/h4><p style=''>Las demandas y presiones que se producen al entorno laboral, ya sean derivadas de la din\u00e1mica del trabajo o de las relaciones interpersonales, pueden provocar estr\u00e9s y malestar.<\/p><\/div><\/div><\/div><\/div><\/div><\/div><div class=\"wpb_column vc_column_container vc_col-sm-3\"><div class=\"vc_column-inner\"><div class=\"wpb_wrapper\"><div class='q_icon_with_title small normal_icon'><div class=\"icon_holder \" style=\" \"><span style=\"\" class=\"q_font_awsome_icon fa-2x \"><i class=\"fa fa-comments\" style=\"color: #2cccd3;\"><\/i><\/span><\/div><div class=\"icon_text_holder\"><div class=\"icon_text_inner\" style=\"\"><h4 class=\"icon_title\" style=\"\">\u00bfQu\u00e9 es el AAPEL?<\/h4><p style=''>Es un servicio de ayuda, absolutamente confidencial y gratuito, que el Col\u00b7legi Oficial d'Infermeria de les Illes Balears pone al alcance de sus colegiadas y colegiados.<\/p><\/div><\/div><\/div><\/div><\/div><\/div><div class=\"wpb_column vc_column_container vc_col-sm-3\"><div class=\"vc_column-inner\"><div class=\"wpb_wrapper\"><div class='q_icon_with_title small normal_icon'><div class=\"icon_holder \" style=\" \"><span style=\"\" class=\"q_font_awsome_icon fa-2x \"><i class=\"fa fa-comment\" style=\"color: #2cccd3;\"><\/i><\/span><\/div><div class=\"icon_text_holder\"><div class=\"icon_text_inner\" style=\"\"><h4 class=\"icon_title\" style=\"\">\u00bfQu\u00e9 ofrece?<\/h4><p style=''>Asesoramiento para afrontar de manera saludable problemas del entorno laboral que generan estr\u00e9s y malestar: percepci\u00f3n de sobrecarga, acoso psicol\u00f3gico (mobbing), desgaste profesional (burnout), y apoyo en momentos complicados (pandemia COVID-19), etc.<\/p><\/div><\/div><\/div><\/div><\/div><\/div><div class=\"wpb_column vc_column_container vc_col-sm-3\"><div class=\"vc_column-inner\"><div class=\"wpb_wrapper\"><div class='q_icon_with_title small normal_icon'><div class=\"icon_holder \" style=\" \"><span style=\"\" class=\"q_font_awsome_icon fa-2x \"><i class=\"fa fa-comments\" style=\"color: #2cccd3;\"><\/i><\/span><\/div><div class=\"icon_text_holder\"><div class=\"icon_text_inner\" style=\"\"><h4 class=\"icon_title\" style=\"\">\u00bfC\u00f3mo me pueden ayudar?<\/h4><p style=''>Ofreciendo informaci\u00f3n \/ orientaci\u00f3n para aprender a identificar fuentes de estr\u00e9s y ansiedad relacionadas con el trabajo y conseguir estrategias para afrontarlas y disminuir el malestar que \u00e9stas pueden producir.<\/p><\/div><\/div><\/div><\/div><\/div><\/div><\/div><\/div><\/div><div      class=\"vc_row wpb_row section  grid_section\" style=' text-align:left;'><div class=\" section_inner clearfix\"><div class='section_inner_margin clearfix'><div class=\"wpb_column vc_column_container vc_col-sm-12\"><div class=\"vc_column-inner\"><div class=\"wpb_wrapper\"><div class=\"vc_empty_space\"   style=\"height: 50px\"><span class=\"vc_empty_space_inner\"><\/span><\/div><\/div><\/div><\/div><\/div><\/div><\/div><div      class=\"vc_row wpb_row section  grid_section\" style=' text-align:left;'><div class=\" section_inner clearfix\"><div class='section_inner_margin clearfix'><div class=\"wpb_column vc_column_container vc_col-sm-6\"><div class=\"vc_column-inner\"><div class=\"wpb_wrapper\">\n\t<div class=\"wpb_text_column wpb_content_element \" >\n\t\t<div class=\"wpb_wrapper\">\n\t\t\t<h2 style=\"text-align: center;\">Concierta tu cita<\/h2>\n\n\t\t<\/div>\n\t<\/div>\n<div class=\"vc_empty_space\"   style=\"height: 32px\"><span class=\"vc_empty_space_inner\"><\/span><\/div>\n\t<div class=\"wpb_text_column wpb_content_element \" >\n\t\t<div class=\"wpb_wrapper\">\n\t\t\t<p style=\"text-align: left;\">Para concertar una cita, puedes rellenar el<a href=\"https:\/\/vu.infermeriabalear.com\/ca\/colegiado?redirect=https:\/\/vu.infermeriabalear.com\/ca\/colegiado\/tramites\/88-sollicitud-d039assessoria\" target=\"_blank\" rel=\"noopener\"> FORMULARIO ONLINE<\/a> o contactar con la sede del COIBA en tu isla:<\/p>\n\n\t\t<\/div>\n\t<\/div>\n<div class=\"vc_empty_space\"   style=\"height: 20px\"><span class=\"vc_empty_space_inner\"><\/span><\/div>\n\t<div class=\"wpb_text_column wpb_content_element \" >\n\t\t<div class=\"wpb_wrapper\">\n\t\t\t<p style=\"text-align: left;\">Si deseas reservar una cita con la asesora Patricia Garc\u00eda Pazo (presencial \/ telef\u00f3nica en Mallorca) hazlo a trav\u00e9s de:<\/p>\n\n\t\t<\/div>\n\t<\/div>\n<div class=\"vc_empty_space\"   style=\"height: 10px\"><span class=\"vc_empty_space_inner\"><\/span><\/div><div class='q_icon_with_title tiny icon_image'><div class=\"icon_holder \" style=\" \"><img decoding=\"async\" style=\"\" src=\"https:\/\/infermeriabalear.com\/wp-content\/uploads\/2021\/02\/telf-1.png\" alt=\"\"><\/div><div class=\"icon_text_holder\"><div class=\"icon_text_inner\" style=\"\"><h4 class=\"icon_title\" style=\"\">971 46 27 28<\/h4><p style=''><\/p><\/div><\/div><\/div><div class=\"vc_empty_space\"   style=\"height: 10px\"><span class=\"vc_empty_space_inner\"><\/span><\/div>\n\t<div class=\"wpb_text_column wpb_content_element \" >\n\t\t<div class=\"wpb_wrapper\">\n\t\t\t<p style=\"text-align: left;\">Si quieres hablar con la asesora Noa Pons Coll (presencial \/ telef\u00f3nica en Menorca), reserva cita a trav\u00e9s de:<\/p>\n\n\t\t<\/div>\n\t<\/div>\n<div class=\"vc_empty_space\"   style=\"height: 10px\"><span class=\"vc_empty_space_inner\"><\/span><\/div><div class='q_icon_with_title tiny icon_image'><div class=\"icon_holder \" style=\" \"><img decoding=\"async\" style=\"\" src=\"https:\/\/infermeriabalear.com\/wp-content\/uploads\/2021\/02\/telf-1.png\" alt=\"\"><\/div><div class=\"icon_text_holder\"><div class=\"icon_text_inner\" style=\"\"><h4 class=\"icon_title\" style=\"\">971 35 62 02<\/h4><p style=''><\/p><\/div><\/div><\/div>\n\t<div class=\"wpb_text_column wpb_content_element \" >\n\t\t<div class=\"wpb_wrapper\">\n\t\t\t<p style=\"text-align: left;\">Y si necesitas cita previa con la asesora Antonella Greco Ficano (presencial \/ telef\u00f3nica en Ibiza \/ Formentera), contacta con:<\/p>\n\n\t\t<\/div>\n\t<\/div>\n<div class=\"vc_empty_space\"   style=\"height: 10px\"><span class=\"vc_empty_space_inner\"><\/span><\/div><div class='q_icon_with_title tiny icon_image'><div class=\"icon_holder \" style=\" \"><img decoding=\"async\" style=\"\" src=\"https:\/\/infermeriabalear.com\/wp-content\/uploads\/2021\/02\/telf-1.png\" alt=\"\"><\/div><div class=\"icon_text_holder\"><div class=\"icon_text_inner\" style=\"\"><h4 class=\"icon_title\" style=\"\">971 39 80 10<\/h4><p style=''><\/p><\/div><\/div><\/div><\/div><\/div><\/div><div class=\"wpb_column vc_column_container vc_col-sm-6\"><div class=\"vc_column-inner\"><div class=\"wpb_wrapper\">\n\t<div class=\"wpb_text_column wpb_content_element \" >\n\t\t<div class=\"wpb_wrapper\">\n\t\t\t<h2 style=\"text-align: center;\">Enlaces de inter\u00e9s<\/h2>\n\n\t\t<\/div>\n\t<\/div>\n<div class=\"vc_empty_space\"   style=\"height: 32px\"><span class=\"vc_empty_space_inner\"><\/span><\/div>\n\t<div class=\"q_accordion_holder clearfix wpb_content_element accordion with_icon  not-column-inherit\" data-active-tab=\"false\" data-collapsible=\"yes\">\n\t\t\t\n\t\t\t\t<h5 class=\"clearfix title-holder\" style=\"\"><span class=\"icon-wrapper\"><i class=\"fa fa-file\" style=\"color: ;\"><\/i><\/span><span class=\"accordion_mark left_mark\"><span class=\"accordion_mark_icon\"><\/span><\/span><span class=\"tab-title\">Protocolo de Agresiones del COIBA<\/span><span class=\"accordion_mark right_mark\"><span class=\"accordion_mark_icon\"><\/span><\/span><\/h5>\n\t\t\t\t<div  class=\"accordion_content \">\n\t\t\t<div class=\"accordion_content_inner\">\n\t\t\t\t\n\t<div class=\"wpb_text_column wpb_content_element \" >\n\t\t<div class=\"wpb_wrapper\">\n\t\t\t<p>En <a href=\"https:\/\/infermeriabalear.com\/wp-content\/uploads\/2021\/09\/CAST-Protocolo-agresiones.pdf\" target=\"_blank\" rel=\"noopener\">este documento<\/a> encontrar\u00e1s recomendaciones en el caso de que sufras una agresi\u00f3n en tu puesto de trabajo.<\/p>\n\n\t\t<\/div>\n\t<\/div>\n\n\t\t\t<\/div>\n\t\t\t\t<\/div>\n\n\t\t\t\t<h5 class=\"clearfix title-holder\" style=\"\"><span class=\"icon-wrapper\"><i class=\"fa fa-file\" style=\"color: ;\"><\/i><\/span><span class=\"accordion_mark left_mark\"><span class=\"accordion_mark_icon\"><\/span><\/span><span class=\"tab-title\">Acoso psicol\u00f3gico en el trabajo<\/span><span class=\"accordion_mark right_mark\"><span class=\"accordion_mark_icon\"><\/span><\/span><\/h5>\n\t\t\t\t<div  class=\"accordion_content \">\n\t\t\t<div class=\"accordion_content_inner\">\n\t\t\t\t\n\t<div class=\"wpb_text_column wpb_content_element \" >\n\t\t<div class=\"wpb_wrapper\">\n\t\t\t<p>En el siguiente enlace encontrar\u00e1 un documento del Instituto Nacional de Seguridad e Higiene en el Trabajo que puede ayudarle a identificar la posibilidad de estar siendo objeto de acoso psicol\u00f3gico en el trabajo y como proceder para grabar los actos o dejar constancia:<\/p>\n<p>&nbsp;<\/p>\n<p><a href=\"https:\/\/www.infermeriabalear.com\/imagenes\/uploads\/files\/16042020112410-acosopsicologicoeneltrabajodiariodeincidentespdf.pdf\">Acoso psicol\u00f3gico en el trabajo. Diario de incidentes<\/a><\/p>\n\n\t\t<\/div>\n\t<\/div>\n\n\t\t\t<\/div>\n\t\t\t\t<\/div>\n\n\t\t\t\t<h5 class=\"clearfix title-holder\" style=\"\"><span class=\"icon-wrapper\"><i class=\"fa fa-file\" style=\"color: ;\"><\/i><\/span><span class=\"accordion_mark left_mark\"><span class=\"accordion_mark_icon\"><\/span><\/span><span class=\"tab-title\">Recomendaciones para profesionales para un afrontamiento psicol\u00f3gico durante la Coivd-19<\/span><span class=\"accordion_mark right_mark\"><span class=\"accordion_mark_icon\"><\/span><\/span><\/h5>\n\t\t\t\t<div  class=\"accordion_content \">\n\t\t\t<div class=\"accordion_content_inner\">\n\t\t\t\t\n\t<div class=\"wpb_text_column wpb_content_element \" >\n\t\t<div class=\"wpb_wrapper\">\n\t\t\t<p>Tambi\u00e9n puede serte \u00fatil el\u00a0&#8220;<a href=\"https:\/\/infermeriabalear.com\/wp-content\/uploads\/2023\/03\/Deca\u0301logoRecomendaciones.pdf.pdf.pdf\" target=\"_blank\" rel=\"noopener\">Dec\u00e1logo de recomendaciones para profesionales del \u00e1mbito sanitario para un afrontamiento psicol\u00f3gico eficaz ante el malestar generado por el brote de Coronavirus-Covid 19<\/a>&#8220;, realizado por el Colegio Oficial de la Psicolog\u00eda de Madrid.<\/p>\n\n\t\t<\/div>\n\t<\/div>\n\n\t\t\t<\/div>\n\t\t\t\t<\/div>\n\n\t<\/div> <\/div><\/div><\/div><\/div><\/div><\/div><div      class=\"vc_row wpb_row section  grid_section\" style=' text-align:left;'><div class=\" section_inner clearfix\"><div class='section_inner_margin clearfix'><div class=\"wpb_column vc_column_container vc_col-sm-12\"><div class=\"vc_column-inner\"><div class=\"wpb_wrapper\"><div class=\"vc_empty_space\"   style=\"height: 60px\"><span class=\"vc_empty_space_inner\"><\/span><\/div><\/div><\/div><\/div><\/div><\/div><\/div>\n<\/div>","protected":false},"excerpt":{"rendered":"AAPELLas demandas y presiones que se producen al entorno laboral, ya sean derivadas de la din\u00e1mica del trabajo o de...","protected":false},"author":9,"featured_media":0,"parent":0,"menu_order":0,"comment_status":"open","ping_status":"closed","template":"full_width.php","meta":{"footnotes":""},"class_list":["post-13038","page","type-page","status-publish","hentry"],"_links":{"self":[{"href":"https:\/\/infermeriabalear.com\/es\/wp-json\/wp\/v2\/pages\/13038","targetHints":{"allow":["GET"]}}],"collection":[{"href":"https:\/\/infermeriabalear.com\/es\/wp-json\/wp\/v2\/pages"}],"about":[{"href":"https:\/\/infermeriabalear.com\/es\/wp-json\/wp\/v2\/types\/page"}],"author":[{"embeddable":true,"href":"https:\/\/infermeriabalear.com\/es\/wp-json\/wp\/v2\/users\/9"}],"replies":[{"embeddable":true,"href":"https:\/\/infermeriabalear.com\/es\/wp-json\/wp\/v2\/comments?post=13038"}],"version-history":[{"count":18,"href":"https:\/\/infermeriabalear.com\/es\/wp-json\/wp\/v2\/pages\/13038\/revisions"}],"predecessor-version":[{"id":46644,"href":"https:\/\/infermeriabalear.com\/es\/wp-json\/wp\/v2\/pages\/13038\/revisions\/46644"}],"wp:attachment":[{"href":"https:\/\/infermeriabalear.com\/es\/wp-json\/wp\/v2\/media?parent=13038"}],"curies":[{"name":"wp","href":"https:\/\/api.w.org\/{rel}","templated":true}]}}