{"id":25848,"date":"2021-12-03T12:54:30","date_gmt":"2021-12-03T11:54:30","guid":{"rendered":"https:\/\/infermeriabalear.com\/?page_id=25848"},"modified":"2025-12-16T15:34:54","modified_gmt":"2025-12-16T14:34:54","slug":"comision-prev-suicidio","status":"publish","type":"page","link":"https:\/\/infermeriabalear.com\/es\/comision-prev-suicidio\/","title":{"rendered":"Prevenci\u00f3n de la Conducta Suicida"},"content":{"rendered":"<div class=\"wpb-content-wrapper\"><div      class=\"vc_row wpb_row section \" style=' text-align:left;'><div class=\" clearfix\"><div class=\"wpb_column vc_column_container vc_col-sm-12\"><div class=\"vc_column-inner\"><div class=\"wpb_wrapper\"><div class=\"vc_empty_space\"   style=\"height: 45px\"><span class=\"vc_empty_space_inner\"><\/span><\/div><\/div><\/div><\/div><\/div><\/div><div      class=\"vc_row wpb_row section  grid_section\" style=' text-align:left;'><div class=\" section_inner clearfix\"><div class='section_inner_margin clearfix'><div class=\"wpb_column vc_column_container vc_col-sm-12\"><div class=\"vc_column-inner\"><div class=\"wpb_wrapper\"><blockquote class=' with_quote_icon' style=''><i class='fa fa-quote-right pull-left' style=''><\/i><h5 class='blockquote-text' style='color: #1ecad3;'>Esta es una comisi\u00f3n de trabajo entre profesionales de enfermer\u00eda ante la prevenci\u00f3n de la conducta suicida. Si has consultado esta p\u00e1gina porque tienes una crisis suicida y necesitas ayuda, ponte en contacto con los servicios sanitarios de nuestra comunidad (Balears): urgencias hospitalarias, 061 o 112.<br \/>\nSi est\u00e1s colegiado en el COIBA y necesitas ayuda por una situaci\u00f3n emocional que vives, tambi\u00e9n puedes contactar con la Asesor\u00eda de Atenci\u00f3n Psicoemocional - Tel\u00e9fono: 971 46 27 28.<\/h5><\/blockquote><\/div><\/div><\/div><\/div><\/div><\/div><div      class=\"vc_row wpb_row section  grid_section\" style=' text-align:left;'><div class=\" section_inner clearfix\"><div class='section_inner_margin clearfix'><div class=\"wpb_column vc_column_container vc_col-sm-12\"><div class=\"vc_column-inner\"><div class=\"wpb_wrapper\"><div class=\"vc_empty_space\"   style=\"height: 40px\"><span class=\"vc_empty_space_inner\"><\/span><\/div>\n\t<div class=\"wpb_text_column wpb_content_element \" >\n\t\t<div class=\"wpb_wrapper\">\n\t\t\t<p>Nuestros objetivos iniciales establecidos son:<\/p>\n<p>&nbsp;<\/p>\n<ul>\n<li>Trazar una red de enfermeras que est\u00e9n trabajando en la prevenci\u00f3n del suicidio en las Islas Baleares, para crear lazos de conexi\u00f3n entre ellas.<\/li>\n<li>Mejorar la calidad de la atenci\u00f3n a estos pacientes y disminuir el estigma social en torno a la conducta del suicidio.<\/li>\n<li>Disponer de un lugar de encuentro donde compartir inquietudes, preocupaciones y reacciones vividas en su pr\u00e1ctica laboral.<\/li>\n<\/ul>\n\n\t\t<\/div>\n\t<\/div>\n<div class=\"vc_empty_space\"   style=\"height: 50px\"><span class=\"vc_empty_space_inner\"><\/span><\/div>\n\t<div class=\"wpb_text_column wpb_content_element \" >\n\t\t<div class=\"wpb_wrapper\">\n\t\t\t<h2 style=\"text-align: center;\">Qui\u00e9nes somos<\/h2>\n\n\t\t<\/div>\n\t<\/div>\n<\/div><\/div><\/div><\/div><\/div><\/div><div      class=\"vc_row wpb_row section  grid_section\" style=' text-align:left;'><div class=\" section_inner clearfix\"><div class='section_inner_margin clearfix'><div class=\"wpb_column vc_column_container vc_col-sm-2\"><div class=\"vc_column-inner\"><div class=\"wpb_wrapper\"><div class=\"vc_empty_space\"   style=\"height: 30px\"><span class=\"vc_empty_space_inner\"><\/span><\/div><div class='q_team'><div class='q_team_inner'><div class='q_team_image'><img src='https:\/\/infermeriabalear.com\/wp-content\/uploads\/2025\/02\/Patricia.png' alt='' \/><\/div><div class='q_team_text'><div class='q_team_text_inner'><div class='q_team_title_holder'><h5 class='q_team_name'>Patricia Garc\u00eda Pazo<\/h5><\/div><p><\/p><\/div><div class='q_team_social_holder'><\/div><\/div><\/div><\/div><div class=\"vc_empty_space\"   style=\"height: 36px\"><span class=\"vc_empty_space_inner\"><\/span><\/div><\/div><\/div><\/div><div class=\"wpb_column vc_column_container vc_col-sm-2\"><div class=\"vc_column-inner\"><div class=\"wpb_wrapper\"><div class=\"vc_empty_space\"   style=\"height: 30px\"><span class=\"vc_empty_space_inner\"><\/span><\/div><div class='q_team'><div class='q_team_inner'><div class='q_team_image'><img src='https:\/\/infermeriabalear.com\/wp-content\/uploads\/2025\/02\/6.png' alt='' \/><\/div><div class='q_team_text'><div class='q_team_text_inner'><div class='q_team_title_holder'><h5 class='q_team_name'>Susana Ara Lobera<\/h5><\/div><p><\/p><\/div><div class='q_team_social_holder'><\/div><\/div><\/div><\/div><div class=\"vc_empty_space\"   style=\"height: 36px\"><span class=\"vc_empty_space_inner\"><\/span><\/div><\/div><\/div><\/div><div class=\"wpb_column vc_column_container vc_col-sm-2\"><div class=\"vc_column-inner\"><div class=\"wpb_wrapper\"><div class=\"vc_empty_space\"   style=\"height: 30px\"><span class=\"vc_empty_space_inner\"><\/span><\/div><div class='q_team'><div class='q_team_inner'><div class='q_team_image'><img src='https:\/\/infermeriabalear.com\/wp-content\/uploads\/2025\/02\/Rosa-Maria.png' alt='' \/><\/div><div class='q_team_text'><div class='q_team_text_inner'><div class='q_team_title_holder'><h5 class='q_team_name'>Rosa Mar\u00eda S\u00e1nchez Santos<\/h5><\/div><p><\/p><\/div><div class='q_team_social_holder'><\/div><\/div><\/div><\/div><div class=\"vc_empty_space\"   style=\"height: 36px\"><span class=\"vc_empty_space_inner\"><\/span><\/div><\/div><\/div><\/div><div class=\"wpb_column vc_column_container vc_col-sm-2\"><div class=\"vc_column-inner\"><div class=\"wpb_wrapper\"><div class=\"vc_empty_space\"   style=\"height: 30px\"><span class=\"vc_empty_space_inner\"><\/span><\/div><div class='q_team'><div class='q_team_inner'><div class='q_team_image'><img src='https:\/\/infermeriabalear.com\/wp-content\/uploads\/2025\/02\/Patricia-Clares.png' alt='' \/><\/div><div class='q_team_text'><div class='q_team_text_inner'><div class='q_team_title_holder'><h5 class='q_team_name'>Patricia Mar\u00eda Clares Rubio<\/h5><\/div><p><\/p><\/div><div class='q_team_social_holder'><\/div><\/div><\/div><\/div><div class=\"vc_empty_space\"   style=\"height: 36px\"><span class=\"vc_empty_space_inner\"><\/span><\/div><\/div><\/div><\/div><div class=\"wpb_column vc_column_container vc_col-sm-2\"><div class=\"vc_column-inner\"><div class=\"wpb_wrapper\"><div class=\"vc_empty_space\"   style=\"height: 30px\"><span class=\"vc_empty_space_inner\"><\/span><\/div><div class='q_team'><div class='q_team_inner'><div class='q_team_image'><img src='https:\/\/infermeriabalear.com\/wp-content\/uploads\/2025\/02\/Gonzalvo.png' alt='' \/><\/div><div class='q_team_text'><div class='q_team_text_inner'><div class='q_team_title_holder'><h5 class='q_team_name'>Mar\u00eda del Carmen Gonzalvo Oller<\/h5><\/div><p><\/p><\/div><div class='q_team_social_holder'><\/div><\/div><\/div><\/div><div class=\"vc_empty_space\"   style=\"height: 36px\"><span class=\"vc_empty_space_inner\"><\/span><\/div><\/div><\/div><\/div><div class=\"wpb_column vc_column_container vc_col-sm-2\"><div class=\"vc_column-inner\"><div class=\"wpb_wrapper\"><div class=\"vc_empty_space\"   style=\"height: 30px\"><span class=\"vc_empty_space_inner\"><\/span><\/div><div class='q_team'><div class='q_team_inner'><div class='q_team_image'><img src='https:\/\/infermeriabalear.com\/wp-content\/uploads\/2025\/12\/Diseno-sin-titulo-5-150x150-1.png' alt='' \/><\/div><div class='q_team_text'><div class='q_team_text_inner'><div class='q_team_title_holder'><h5 class='q_team_name'>Mar\u00eda del Carmen Ortiz Mart\u00ednez<\/h5><\/div><p><\/p><\/div><div class='q_team_social_holder'><\/div><\/div><\/div><\/div><div class=\"vc_empty_space\"   style=\"height: 36px\"><span class=\"vc_empty_space_inner\"><\/span><\/div><\/div><\/div><\/div><\/div><\/div><\/div><div      class=\"vc_row wpb_row section  grid_section\" style=' text-align:left;'><div class=\" section_inner clearfix\"><div class='section_inner_margin clearfix'><div class=\"wpb_column vc_column_container vc_col-sm-2\"><div class=\"vc_column-inner\"><div class=\"wpb_wrapper\"><\/div><\/div><\/div><div class=\"wpb_column vc_column_container vc_col-sm-2\"><div class=\"vc_column-inner\"><div class=\"wpb_wrapper\"><div class=\"vc_empty_space\"   style=\"height: 30px\"><span class=\"vc_empty_space_inner\"><\/span><\/div><div class='q_team'><div class='q_team_inner'><div class='q_team_image'><img src='https:\/\/infermeriabalear.com\/wp-content\/uploads\/2024\/10\/Fotos_Comissio.png' alt='' \/><\/div><div class='q_team_text'><div class='q_team_text_inner'><div class='q_team_title_holder'><h5 class='q_team_name'>M\u00aa \u00c1ngeles P\u00e9rez Mart\u00edn<\/h5><\/div><p><\/p><\/div><div class='q_team_social_holder'><\/div><\/div><\/div><\/div><div class=\"vc_empty_space\"   style=\"height: 36px\"><span class=\"vc_empty_space_inner\"><\/span><\/div><\/div><\/div><\/div><div class=\"wpb_column vc_column_container vc_col-sm-2\"><div class=\"vc_column-inner\"><div class=\"wpb_wrapper\"><div class=\"vc_empty_space\"   style=\"height: 30px\"><span class=\"vc_empty_space_inner\"><\/span><\/div><div class='q_team'><div class='q_team_inner'><div class='q_team_image'><img src='https:\/\/infermeriabalear.com\/wp-content\/uploads\/2024\/10\/Diseno-sin-titulo-4.png' alt='' \/><\/div><div class='q_team_text'><div class='q_team_text_inner'><div class='q_team_title_holder'><h5 class='q_team_name'>Kevin Chic\u00f3n Pablos<\/h5><\/div><p><\/p><\/div><div class='q_team_social_holder'><\/div><\/div><\/div><\/div><div class=\"vc_empty_space\"   style=\"height: 36px\"><span class=\"vc_empty_space_inner\"><\/span><\/div><\/div><\/div><\/div><div class=\"wpb_column vc_column_container vc_col-sm-2\"><div class=\"vc_column-inner\"><div class=\"wpb_wrapper\"><div class=\"vc_empty_space\"   style=\"height: 30px\"><span class=\"vc_empty_space_inner\"><\/span><\/div><div class='q_team'><div class='q_team_inner'><div class='q_team_image'><img src='https:\/\/infermeriabalear.com\/wp-content\/uploads\/2025\/12\/Fotos_Comissio-1.png' alt='' \/><\/div><div class='q_team_text'><div class='q_team_text_inner'><div class='q_team_title_holder'><h5 class='q_team_name'>Maria Josep Ferr\u00e0 Serra<\/h5><\/div><p><\/p><\/div><div class='q_team_social_holder'><\/div><\/div><\/div><\/div><div class=\"vc_empty_space\"   style=\"height: 36px\"><span class=\"vc_empty_space_inner\"><\/span><\/div><\/div><\/div><\/div><div class=\"wpb_column vc_column_container vc_col-sm-2\"><div class=\"vc_column-inner\"><div class=\"wpb_wrapper\"><\/div><\/div><\/div><\/div><\/div><\/div><div      class=\"vc_row wpb_row section  grid_section\" style=' text-align:left;'><div class=\" section_inner clearfix\"><div class='section_inner_margin clearfix'><div class=\"wpb_column vc_column_container vc_col-sm-6\"><div class=\"vc_column-inner\"><div class=\"wpb_wrapper\"><div class=\"vc_empty_space\"   style=\"height: 70px\"><span class=\"vc_empty_space_inner\"><\/span><\/div>\n\t<div class=\"wpb_text_column wpb_content_element \" >\n\t\t<div class=\"wpb_wrapper\">\n\t\t\t<h2 style=\"text-align: left;\">Actividad de la Comisi\u00f3n<\/h2>\n\n\t\t<\/div>\n\t<\/div>\n<div class=\"vc_empty_space\"   style=\"height: 40px\"><span class=\"vc_empty_space_inner\"><\/span><\/div><div class='latest_post_holder image_in_box '><ul><li class=\"clearfix\"><div class=\"latest_post\"><div class=\"latest_post_image clearfix\"><img decoding=\"async\" src=\"https:\/\/infermeriabalear.com\/wp-content\/uploads\/2026\/01\/Cineforum-DIa-Supervivient-Suicidi-COIBA-2025-scaled-e1769003605916-150x150.jpg\" alt=\"\" \/><\/div><div class=\"latest_post_text\"><div class=\"latest_post_inner\"><div class=\"latest_post_text_inner\"><h5 class=\"latest_post_title \"><a href=\"https:\/\/infermeriabalear.com\/es\/2025\/11\/15\/la-comision-de-prevencion-de-la-conducta-suicida-del-coiba-conmemora-el-dia-del-superviviente-de-suicidio-con-un-cineforum-en-ibiza\/\">La Comisi\u00f3n de Prevenci\u00f3n de la Conducta Suicida del COIBA conmemora el D\u00eda del Superviviente de Suicidio con un Cinef\u00f3rum en Ibiza<\/a><\/h5><span class=\"post_infos\"><span class=\"date_hour_holder\"><i class=\"fa fa-calendar-o\"><\/i><span class=\"date\">15 noviembre, 2025<\/span><\/span><span class=\"latest-vert-separator\"> in<\/span> <a href=\"https:\/\/infermeriabalear.com\/es\/category\/docus-prevsuicidio\/\">Docus Prevenci\u00f3 Su\u00efcidi <\/a>  <a href=\"https:\/\/infermeriabalear.com\/es\/category\/eventos-coiba\/\">Eventos Coiba <\/a>  <a href=\"https:\/\/infermeriabalear.com\/es\/category\/noticias\/\">Noticias <\/a> <\/span><\/div><\/div><\/div><\/div><li class=\"clearfix\"><div class=\"latest_post\"><div class=\"latest_post_image clearfix\"><img decoding=\"async\" src=\"https:\/\/infermeriabalear.com\/wp-content\/uploads\/2025\/10\/Suicida_CAST-150x150.png\" alt=\"\" \/><\/div><div class=\"latest_post_text\"><div class=\"latest_post_inner\"><div class=\"latest_post_text_inner\"><h5 class=\"latest_post_title \"><a href=\"https:\/\/infermeriabalear.com\/es\/2025\/10\/06\/comision-prevencion-conducta-suicida-convoca-plazas\/\">La Comisi\u00f3n de Prevenci\u00f3n de la Conducta Suicida convoca nuevas plazas: solicitudes hasta el 7 de noviembre<\/a><\/h5><span class=\"post_infos\"><span class=\"date_hour_holder\"><i class=\"fa fa-calendar-o\"><\/i><span class=\"date\">06 octubre, 2025<\/span><\/span><span class=\"latest-vert-separator\"> in<\/span> <a href=\"https:\/\/infermeriabalear.com\/es\/category\/docus-prevsuicidio\/\">Docus Prevenci\u00f3 Su\u00efcidi <\/a>  <a href=\"https:\/\/infermeriabalear.com\/es\/category\/noticias\/\">Noticias <\/a>  <a href=\"https:\/\/infermeriabalear.com\/es\/category\/noticias-destacadas\/\">Noticias destacadas <\/a> <\/span><\/div><\/div><\/div><\/div><li class=\"clearfix\"><div class=\"latest_post\"><div class=\"latest_post_image clearfix\"><img decoding=\"async\" src=\"https:\/\/infermeriabalear.com\/wp-content\/uploads\/2026\/01\/Autoritats-e1769004100692-150x150.jpg\" alt=\"\" \/><\/div><div class=\"latest_post_text\"><div class=\"latest_post_inner\"><div class=\"latest_post_text_inner\"><h5 class=\"latest_post_title \"><a href=\"https:\/\/infermeriabalear.com\/es\/2025\/09\/18\/mas-de-300-personas-participan-en-la-vii-carrera-y-marcha-popular-por-la-prevencion-del-suicidio-en-binissalem\/\">M\u00e1s de 300 personas participan en la VII Carrera y Marcha Popular por la Prevenci\u00f3n del Suicidio en Binissalem<\/a><\/h5><span class=\"post_infos\"><span class=\"date_hour_holder\"><i class=\"fa fa-calendar-o\"><\/i><span class=\"date\">18 septiembre, 2025<\/span><\/span><span class=\"latest-vert-separator\"> in<\/span> <a href=\"https:\/\/infermeriabalear.com\/es\/category\/docus-prevsuicidio\/\">Docus Prevenci\u00f3 Su\u00efcidi <\/a>  <a href=\"https:\/\/infermeriabalear.com\/es\/category\/eventos-coiba\/\">Eventos Coiba <\/a>  <a href=\"https:\/\/infermeriabalear.com\/es\/category\/noticias\/\">Noticias <\/a>  <a href=\"https:\/\/infermeriabalear.com\/es\/category\/noticias-destacadas\/\">Noticias destacadas <\/a> <\/span><\/div><\/div><\/div><\/div><li class=\"clearfix\"><div class=\"latest_post\"><div class=\"latest_post_image clearfix\"><img decoding=\"async\" src=\"https:\/\/infermeriabalear.com\/wp-content\/uploads\/2025\/07\/2-150x150.png\" alt=\"\" \/><\/div><div class=\"latest_post_text\"><div class=\"latest_post_inner\"><div class=\"latest_post_text_inner\"><h5 class=\"latest_post_title \"><a href=\"https:\/\/infermeriabalear.com\/es\/2025\/07\/25\/el-coiba-organiza-la-vii-carrera-y-marcha-por-la-prevencion-del-suicidio-13-de-septiembre\/\">El COIBA organitza la VII Carrera y Marcha por la Prevenci\u00f3n del Suicidio (13 de septiembre)<\/a><\/h5><span class=\"post_infos\"><span class=\"date_hour_holder\"><i class=\"fa fa-calendar-o\"><\/i><span class=\"date\">25 julio, 2025<\/span><\/span><span class=\"latest-vert-separator\"> in<\/span> <a href=\"https:\/\/infermeriabalear.com\/es\/category\/docus-prevsuicidio\/\">Docus Prevenci\u00f3 Su\u00efcidi <\/a>  <a href=\"https:\/\/infermeriabalear.com\/es\/category\/eventos-coiba\/\">Eventos Coiba <\/a>  <a href=\"https:\/\/infermeriabalear.com\/es\/category\/noticias-destacadas-2columna\/\">Noticia destacada <\/a>  <a href=\"https:\/\/infermeriabalear.com\/es\/category\/noticias\/\">Noticias <\/a> <\/span><\/div><\/div><\/div><\/div><li class=\"clearfix\"><div class=\"latest_post\"><div class=\"latest_post_image clearfix\"><img decoding=\"async\" src=\"https:\/\/infermeriabalear.com\/wp-content\/uploads\/2024\/12\/Patricia_CAST-e1733157637235-150x150.png\" alt=\"\" \/><\/div><div class=\"latest_post_text\"><div class=\"latest_post_inner\"><div class=\"latest_post_text_inner\"><h5 class=\"latest_post_title \"><a href=\"https:\/\/infermeriabalear.com\/es\/2024\/12\/03\/presentacion-cuento-lleva-zapatillas-sin-atarte-los-cordones\/\">Presentaci\u00f3n del cuento: \u201cLleva zapatillas sin atarte los cordones\u201d (16 de diciembre &#8211; COIBA Palma)<\/a><\/h5><span class=\"post_infos\"><span class=\"date_hour_holder\"><i class=\"fa fa-calendar-o\"><\/i><span class=\"date\">03 diciembre, 2024<\/span><\/span><span class=\"latest-vert-separator\"> in<\/span> <a href=\"https:\/\/infermeriabalear.com\/es\/category\/docus-prevsuicidio\/\">Docus Prevenci\u00f3 Su\u00efcidi <\/a>  <a href=\"https:\/\/infermeriabalear.com\/es\/category\/eventos-coiba\/\">Eventos Coiba <\/a>  <a href=\"https:\/\/infermeriabalear.com\/es\/category\/noticias\/\">Noticias <\/a>  <a href=\"https:\/\/infermeriabalear.com\/es\/category\/noticias-destacadas\/\">Noticias destacadas <\/a> <\/span><\/div><\/div><\/div><\/div><li class=\"clearfix\"><div class=\"latest_post\"><div class=\"latest_post_image clearfix\"><img decoding=\"async\" src=\"https:\/\/infermeriabalear.com\/wp-content\/uploads\/2024\/11\/El-desafiament-del-suicidi-2024-1-e1732013735900-150x150.png\" alt=\"\" \/><\/div><div class=\"latest_post_text\"><div class=\"latest_post_inner\"><div class=\"latest_post_text_inner\"><h5 class=\"latest_post_title \"><a href=\"https:\/\/infermeriabalear.com\/es\/2024\/11\/19\/mesa-redonda-prevencion-suicidio-enfermeras\/\">Mesa redonda: \u201cCuidando a quienes cuidan: prevenci\u00f3n del suicidio en enfermeras de Balears\u201d (27 de noviembre, 16h)<\/a><\/h5><span class=\"post_infos\"><span class=\"date_hour_holder\"><i class=\"fa fa-calendar-o\"><\/i><span class=\"date\">19 noviembre, 2024<\/span><\/span><span class=\"latest-vert-separator\"> in<\/span> <a href=\"https:\/\/infermeriabalear.com\/es\/category\/docus-prevsuicidio\/\">Docus Prevenci\u00f3 Su\u00efcidi <\/a>  <a href=\"https:\/\/infermeriabalear.com\/es\/category\/eventos-coiba\/\">Eventos Coiba <\/a>  <a href=\"https:\/\/infermeriabalear.com\/es\/category\/noticias\/\">Noticias <\/a>  <a href=\"https:\/\/infermeriabalear.com\/es\/category\/noticias-destacadas\/\">Noticias destacadas <\/a> <\/span><\/div><\/div><\/div><\/div><li class=\"clearfix\"><div class=\"latest_post\"><div class=\"latest_post_image clearfix\"><img decoding=\"async\" src=\"https:\/\/infermeriabalear.com\/wp-content\/uploads\/2024\/08\/Cursa-2024_20240722_130217_0000-2-e1723108046110-150x150.png\" alt=\"\" \/><\/div><div class=\"latest_post_text\"><div class=\"latest_post_inner\"><div class=\"latest_post_text_inner\"><h5 class=\"latest_post_title \"><a href=\"https:\/\/infermeriabalear.com\/es\/2024\/08\/08\/vi-carrera-marcha-por-la-prevencion-del-suicidio\/\">El COIBA colabora con la VI Carrera y Marcha por la Prevenci\u00f3n del Suicidio (15 de septiembre)<\/a><\/h5><span class=\"post_infos\"><span class=\"date_hour_holder\"><i class=\"fa fa-calendar-o\"><\/i><span class=\"date\">08 agosto, 2024<\/span><\/span><span class=\"latest-vert-separator\"> in<\/span> <a href=\"https:\/\/infermeriabalear.com\/es\/category\/docus-prevsuicidio\/\">Docus Prevenci\u00f3 Su\u00efcidi <\/a>  <a href=\"https:\/\/infermeriabalear.com\/es\/category\/eventos-coiba\/\">Eventos Coiba <\/a>  <a href=\"https:\/\/infermeriabalear.com\/es\/category\/noticias\/\">Noticias <\/a>  <a href=\"https:\/\/infermeriabalear.com\/es\/category\/noticias-destacadas\/\">Noticias destacadas <\/a> <\/span><\/div><\/div><\/div><\/div><li class=\"clearfix\"><div class=\"latest_post\"><div class=\"latest_post_image clearfix\"><img decoding=\"async\" src=\"https:\/\/infermeriabalear.com\/wp-content\/uploads\/2024\/02\/Suicida_CAsT-150x150.png\" alt=\"\" \/><\/div><div class=\"latest_post_text\"><div class=\"latest_post_inner\"><div class=\"latest_post_text_inner\"><h5 class=\"latest_post_title \"><a href=\"https:\/\/infermeriabalear.com\/es\/2024\/02\/29\/miembros-comision-prevencion\/\">La Comisi\u00f3n de Prevenci\u00f3n de la Conducta Suicida convoca nuevas plazas: solicitudes hasta el 2 de abril<\/a><\/h5><span class=\"post_infos\"><span class=\"date_hour_holder\"><i class=\"fa fa-calendar-o\"><\/i><span class=\"date\">29 febrero, 2024<\/span><\/span><span class=\"latest-vert-separator\"> in<\/span> <a href=\"https:\/\/infermeriabalear.com\/es\/category\/docus-prevsuicidio\/\">Docus Prevenci\u00f3 Su\u00efcidi <\/a>  <a href=\"https:\/\/infermeriabalear.com\/es\/category\/noticias-destacadas-2columna\/\">Noticia destacada <\/a>  <a href=\"https:\/\/infermeriabalear.com\/es\/category\/noticias\/\">Noticias <\/a> <\/span><\/div><\/div><\/div><\/div><\/ul><\/div><\/div><\/div><\/div><div class=\"wpb_column vc_column_container vc_col-sm-6\"><div class=\"vc_column-inner\"><div class=\"wpb_wrapper\"><div class=\"vc_empty_space\"   style=\"height: 70px\"><span class=\"vc_empty_space_inner\"><\/span><\/div>\n\t<div class=\"wpb_text_column wpb_content_element \" >\n\t\t<div class=\"wpb_wrapper\">\n\t\t\t<h2 style=\"text-align: center;\">Enlaces y recursos de inter\u00e9s<\/h2>\n\n\t\t<\/div>\n\t<\/div>\n<div class=\"vc_empty_space\"   style=\"height: 40px\"><span class=\"vc_empty_space_inner\"><\/span><\/div>\n\t<div class=\"q_accordion_holder clearfix wpb_content_element accordion with_icon  not-column-inherit\" data-active-tab=\"false\" data-collapsible=\"yes\">\n\t\t\t\n\t\t\t\t<h5 class=\"clearfix title-holder\" style=\"\"><span class=\"icon-wrapper\"><i class=\"fa fa-laptop\" style=\"color: ;\"><\/i><\/span><span class=\"accordion_mark left_mark\"><span class=\"accordion_mark_icon\"><\/span><\/span><span class=\"tab-title\">Institut Balear per a la Salut Mental de la Inf\u00e0ncia i l\u2019Adolesc\u00e8ncia (IBSMIA)<\/span><span class=\"accordion_mark right_mark\"><span class=\"accordion_mark_icon\"><\/span><\/span><\/h5>\n\t\t\t\t<div  class=\"accordion_content \">\n\t\t\t<div class=\"accordion_content_inner\">\n\t\t\t\t\n\t<div class=\"wpb_text_column wpb_content_element \" >\n\t\t<div class=\"wpb_wrapper\">\n\t\t\t<p><a href=\"https:\/\/www.hospitalsonespases.es\/especialidad\/ibsmia\" target=\"_blank\" rel=\"noopener\">www.hospitalsonespases.es\/especialidad\/ibsmia<\/a><\/p>\n\n\t\t<\/div>\n\t<\/div>\n\n\t\t\t<\/div>\n\t\t\t\t<\/div>\n\n\t\t\t\t<h5 class=\"clearfix title-holder\" style=\"\"><span class=\"icon-wrapper\"><i class=\"fa fa-paperclip\" style=\"color: ;\"><\/i><\/span><span class=\"accordion_mark left_mark\"><span class=\"accordion_mark_icon\"><\/span><\/span><span class=\"tab-title\">Gu\u00edas de la Conselleria de Salut del GOIB<\/span><span class=\"accordion_mark right_mark\"><span class=\"accordion_mark_icon\"><\/span><\/span><\/h5>\n\t\t\t\t<div  class=\"accordion_content \">\n\t\t\t<div class=\"accordion_content_inner\">\n\t\t\t\t\n\t<div class=\"wpb_text_column wpb_content_element \" >\n\t\t<div class=\"wpb_wrapper\">\n\t\t\t<ul>\n<li><a href=\"https:\/\/www.ibsalut.es\/servei\/organitzacio\/coordinacions-autonomiques-sanitaries\/coordinacio-autonomica-de-salut-mental-de-les-illes-balears\/4030-pla-de-prevencio-actuacio-i-abordatge-de-la-conducta-suicida-a-les-illes-balears\" target=\"_blank\" rel=\"noopener\">Plan de Prevenci\u00f3n, Actuaci\u00f3n y Abordaje de la Conducta Suicida en las Illes Balears<\/a><\/li>\n<\/ul>\n<p>&nbsp;<\/p>\n<ul>\n<li><a href=\"https:\/\/infermeriabalear.com\/wp-content\/uploads\/2023\/02\/Guia-prevencio\u0301-i-abordatge-conducta-sui\u0308cida-escoles_CAT3.pdf\" target=\"_blank\" rel=\"noopener\">Gu\u00eda para la prevenci\u00f3n y el primer abordaje de la conducta suicida en los centros educativos de las Illes Balears<\/a><\/li>\n<\/ul>\n<p>&nbsp;<\/p>\n<ul>\n<li><a href=\"https:\/\/www.ibsalut.es\/servei\/organitzacio\/coordinacions-autonomiques-sanitaries\/coordinacio-autonomica-de-salut-mental-de-les-illes-balears\/3955-protocol-d-actuacio-en-cas-de-risc-autolitic-detectat-als-centres-educatius-de-les-illes-balears\" target=\"_blank\" rel=\"noopener\">Protocolo de actuaci\u00f3n en caso de riesgo autol\u00edtico detectado en los centros educativos de las Illes Balears<\/a><\/li>\n<\/ul>\n<p>&nbsp;<\/p>\n<ul>\n<li><a href=\"https:\/\/infermeriabalear.com\/wp-content\/uploads\/2023\/02\/Pla-Estrategic-de-Salut-Mental-2016-2022_CA_.pdf\" target=\"_blank\" rel=\"noopener\">Plan estrat\u00e9gico de Salud Mental de las Illes Balears 2016 &#8211; 2022<\/a><\/li>\n<\/ul>\n\n\t\t<\/div>\n\t<\/div>\n\n\t\t\t<\/div>\n\t\t\t\t<\/div>\n\n\t\t\t\t<h5 class=\"clearfix title-holder\" style=\"\"><span class=\"icon-wrapper\"><i class=\"fa fa-paperclip\" style=\"color: ;\"><\/i><\/span><span class=\"accordion_mark left_mark\"><span class=\"accordion_mark_icon\"><\/span><\/span><span class=\"tab-title\">Apoyo para familiares<\/span><span class=\"accordion_mark right_mark\"><span class=\"accordion_mark_icon\"><\/span><\/span><\/h5>\n\t\t\t\t<div  class=\"accordion_content \">\n\t\t\t<div class=\"accordion_content_inner\">\n\t\t\t\t\n\t<div class=\"wpb_text_column wpb_content_element \" >\n\t\t<div class=\"wpb_wrapper\">\n\t\t\t<ul>\n<li><a href=\"https:\/\/infermeriabalear.com\/wp-content\/uploads\/2022\/10\/Guia-Deteccion-Suicidio-Familiares.pdf\" target=\"_blank\" rel=\"noopener\">Gu\u00eda &#8220;Detecci\u00f3n y prevenci\u00f3n de la conducta suicida en personas con una enfermedad mental&#8221;<\/a><\/li>\n<\/ul>\n<p>&nbsp;<\/p>\n<ul>\n<li><a href=\"https:\/\/infermeriabalear.com\/wp-content\/uploads\/2022\/10\/El-Dia-Despues-del-Suicidio.pdf\" target=\"_blank\" rel=\"noopener\">Gu\u00eda &#8220;El d\u00eda despu\u00e9s del suicidio de un familiar o allegado&#8221;<\/a><\/li>\n<\/ul>\n<p>&nbsp;<\/p>\n<ul>\n<li><a href=\"https:\/\/infermeriabalear.com\/wp-content\/uploads\/2022\/08\/GUIA-DUELO-POR-SUICIDIO.pdf\" target=\"_blank\" rel=\"noopener\">Gu\u00eda para familiares en duelo por suicidio<\/a><\/li>\n<\/ul>\n<p>&nbsp;<\/p>\n<ul>\n<li><a href=\"https:\/\/infermeriabalear.com\/wp-content\/uploads\/2022\/10\/guia_apoyo-ninos-despues-de-un-suicidio.pdf\" target=\"_blank\" rel=\"noopener\">Gu\u00eda &#8220;Apoyo a los ni\u00f1os despu\u00e9s de un suicidio&#8221;<\/a><\/li>\n<\/ul>\n\n\t\t<\/div>\n\t<\/div>\n\n\t\t\t<\/div>\n\t\t\t\t<\/div>\n\n\t\t\t\t<h5 class=\"clearfix title-holder\" style=\"\"><span class=\"icon-wrapper\"><i class=\"fa fa-paperclip\" style=\"color: ;\"><\/i><\/span><span class=\"accordion_mark left_mark\"><span class=\"accordion_mark_icon\"><\/span><\/span><span class=\"tab-title\">Asesor\u00eda para profesionales<\/span><span class=\"accordion_mark right_mark\"><span class=\"accordion_mark_icon\"><\/span><\/span><\/h5>\n\t\t\t\t<div  class=\"accordion_content \">\n\t\t\t<div class=\"accordion_content_inner\">\n\t\t\t\t\n\t<div class=\"wpb_text_column wpb_content_element \" >\n\t\t<div class=\"wpb_wrapper\">\n\t\t\t<ul>\n<li><a href=\"https:\/\/infermeriabalear.com\/wp-content\/uploads\/2022\/10\/Guia-prevencion-suicidio-Profesionales.pdf\" target=\"_blank\" rel=\"noopener\">Gu\u00eda para la detecci\u00f3n y prevenci\u00f3n de la conducta suicida, dirigida a profesionales sanitarios y facilitadores sociales.<\/a><\/li>\n<\/ul>\n<p>&nbsp;<\/p>\n<ul>\n<li><a href=\"https:\/\/infermeriabalear.com\/wp-content\/uploads\/2022\/10\/EN-MIS-ZAPATOS-4-guia-papageno.pdf\" target=\"_blank\" rel=\"noopener\">Gu\u00eda &#8220;En mis zapatos&#8221;. Recomendaciones para comunicar sobre el suicidio<\/a><\/li>\n<\/ul>\n<p>&nbsp;<\/p>\n<ul>\n<li><a href=\"https:\/\/infermeriabalear.com\/wp-content\/uploads\/2022\/10\/ZONA-TES-Suicidio_Atencion_Telefono.pdf\" target=\"_blank\" rel=\"noopener\">Suicidio en emergencias: herramientas pr\u00e1cticas para profesionales de la atenci\u00f3n telef\u00f3nica<\/a><\/li>\n<\/ul>\n<p>&nbsp;<\/p>\n<ul>\n<li><a href=\"https:\/\/infermeriabalear.com\/wp-content\/uploads\/2024\/05\/Guia-practica-intervencion-crisis-suicidas.pdf\" target=\"_blank\" rel=\"noopener\">Gu\u00eda pr\u00e1ctica para la intervenci\u00f3n en crisis suicidas del Departamento de Salud del Gobierno Vasco.<\/a><\/li>\n<\/ul>\n\n\t\t<\/div>\n\t<\/div>\n\n\t\t\t<\/div>\n\t\t\t\t<\/div>\n\n\t\t\t\t<h5 class=\"clearfix title-holder\" style=\"\"><span class=\"icon-wrapper\"><i class=\"fa fa-paperclip\" style=\"color: ;\"><\/i><\/span><span class=\"accordion_mark left_mark\"><span class=\"accordion_mark_icon\"><\/span><\/span><span class=\"tab-title\">Apoyo a grupos de riesgo<\/span><span class=\"accordion_mark right_mark\"><span class=\"accordion_mark_icon\"><\/span><\/span><\/h5>\n\t\t\t\t<div  class=\"accordion_content \">\n\t\t\t<div class=\"accordion_content_inner\">\n\t\t\t\t\n\t<div class=\"wpb_text_column wpb_content_element \" >\n\t\t<div class=\"wpb_wrapper\">\n\t\t\t<ul>\n<li><a href=\"https:\/\/infermeriabalear.com\/wp-content\/uploads\/2022\/10\/GUIA-PRACTICA-PARA-LA-PREVENCION-DEL-SUICIDIO-EN-PERSONAS-MAYORES.pdf\" target=\"_blank\" rel=\"noopener\">Gu\u00eda pr\u00e1ctica para la prevenci\u00f3n del suicidio en personas mayores<\/a><\/li>\n<\/ul>\n\n\t\t<\/div>\n\t<\/div>\n\n\t\t\t<\/div>\n\t\t\t\t<\/div>\n\n\t\t\t\t<h5 class=\"clearfix title-holder\" style=\"\"><span class=\"icon-wrapper\"><i class=\"fa fa-paperclip\" style=\"color: ;\"><\/i><\/span><span class=\"accordion_mark left_mark\"><span class=\"accordion_mark_icon\"><\/span><\/span><span class=\"tab-title\">Otras gu\u00edas<\/span><span class=\"accordion_mark right_mark\"><span class=\"accordion_mark_icon\"><\/span><\/span><\/h5>\n\t\t\t\t<div  class=\"accordion_content \">\n\t\t\t<div class=\"accordion_content_inner\">\n\t\t\t\t\n\t<div class=\"wpb_text_column wpb_content_element \" >\n\t\t<div class=\"wpb_wrapper\">\n\t\t\t<ul>\n<li><a href=\"https:\/\/infermeriabalear.com\/wp-content\/uploads\/2022\/08\/GUIA-DE-AUTOAYUDA.pdf\" target=\"_blank\" rel=\"noopener\">Gu\u00eda de autoayuda en la prevenci\u00f3n del suicidio &#8211; Comunidad de Madrid<\/a><\/li>\n<\/ul>\n\n\t\t<\/div>\n\t<\/div>\n\n\t\t\t<\/div>\n\t\t\t\t<\/div>\n\n\t\t\t\t<h5 class=\"clearfix title-holder\" style=\"\"><span class=\"icon-wrapper\"><i class=\"fa fa-newspaper-o\" style=\"color: ;\"><\/i><\/span><span class=\"accordion_mark left_mark\"><span class=\"accordion_mark_icon\"><\/span><\/span><span class=\"tab-title\">P\u00f3sters presentados<\/span><span class=\"accordion_mark right_mark\"><span class=\"accordion_mark_icon\"><\/span><\/span><\/h5>\n\t\t\t\t<div  class=\"accordion_content \">\n\t\t\t<div class=\"accordion_content_inner\">\n\t\t\t\t\n\t<div class=\"wpb_text_column wpb_content_element \" >\n\t\t<div class=\"wpb_wrapper\">\n\t\t\t<p><a href=\"https:\/\/infermeriabalear.com\/wp-content\/uploads\/2023\/03\/poster-papageno-2023-6.pdf\" target=\"_blank\" rel=\"noopener\"><span class=\"ui-provider vf b c d e f g h i j k l m n o p q r s t u v w x y z ab ac ae af ag ah ai aj ak\" dir=\"ltr\">Poster presentado por la Comisi\u00f3n de Prevenci\u00f3n de la Conducta Suicida en el II Encuentro Internacional de Papageno\u00a0<\/span><\/a><\/p>\n<p>&nbsp;<\/p>\n<p><a href=\"https:\/\/infermeriabalear.com\/wp-content\/uploads\/2023\/02\/Que-saben-las-enfermeras-sobre-el-suicidio-Una-encuesta-a-los-colegiados-de-enfermeria-de-las-Islas-Baleares.-8.png\" target=\"_blank\" rel=\"noopener\">P\u00f3ster: \u00bfQu\u00e9 saben las enfermeras sobre el suicidio?<\/a><\/p>\n<p>La Comisi\u00f3n de Prevenci\u00f3n de la Conducta Suicida realiz\u00f3 este p\u00f3ster con la informaci\u00f3n extra\u00edda de la encuesta &#8220;\u00bfQu\u00e9 sabes sobre la conducta suicida?&#8221;, realizada por el COIBA.<\/p>\n<p>Descarga el p\u00f3ster en pdf clicando <a href=\"https:\/\/infermeriabalear.com\/wp-content\/uploads\/2023\/02\/Que-saben-las-enfermeras-sobre-el-suicidio-Una-encuesta-a-los-colegiados-de-enfermeria-de-las-Islas-Baleares.-8.png\" target=\"_blank\" rel=\"noopener\">AQU\u00cd<\/a>.<\/p>\n<p>Y consulta el resumen del p\u00f3ster, <a href=\"https:\/\/infermeriabalear.com\/wp-content\/uploads\/2023\/02\/RESUMEN-POSTER-PAPAGENO.pdf\" target=\"_blank\" rel=\"noopener\">AQU\u00cd<\/a>.<\/p>\n\n\t\t<\/div>\n\t<\/div>\n\n\t\t\t<\/div>\n\t\t\t\t<\/div>\n\n\t\t\t\t<h5 class=\"clearfix title-holder\" style=\"\"><span class=\"icon-wrapper\"><i class=\"fa fa-pencil\" style=\"color: ;\"><\/i><\/span><span class=\"accordion_mark left_mark\"><span class=\"accordion_mark_icon\"><\/span><\/span><span class=\"tab-title\">Art\u00edculos y publicaciones de inter\u00e9s<\/span><span class=\"accordion_mark right_mark\"><span class=\"accordion_mark_icon\"><\/span><\/span><\/h5>\n\t\t\t\t<div  class=\"accordion_content \">\n\t\t\t<div class=\"accordion_content_inner\">\n\t\t\t\t\n\t<div class=\"wpb_text_column wpb_content_element \" >\n\t\t<div class=\"wpb_wrapper\">\n\t\t\t<ul>\n<li><a href=\"https:\/\/theconversation.com\/guardianes-para-la-prevencion-de-conductas-suicidas-en-los-campus-226282\" target=\"_blank\" rel=\"noopener\">Guardianes para la prevenci\u00f3n de conductas suicidas en los campus<\/a>, publicado en TheConversation.com<\/li>\n<\/ul>\n\n\t\t<\/div>\n\t<\/div>\n\n\t\t\t<\/div>\n\t\t\t\t<\/div>\n\n\t<\/div> <\/div><\/div><\/div><\/div><\/div><\/div><div      class=\"vc_row wpb_row section \" style=' text-align:left;'><div class=\" clearfix\"><div class=\"wpb_column vc_column_container vc_col-sm-12\"><div class=\"vc_column-inner\"><div class=\"wpb_wrapper\"><div class=\"vc_empty_space\"   style=\"height: 55px\"><span class=\"vc_empty_space_inner\"><\/span><\/div><\/div><\/div><\/div><\/div><\/div><div      class=\"vc_row wpb_row section \" style=' text-align:left;'><div class=\" clearfix\"><div class=\"wpb_column vc_column_container vc_col-sm-12\"><div class=\"vc_column-inner\"><div class=\"wpb_wrapper\"><\/div><\/div><\/div><\/div><\/div>\n<\/div>","protected":false},"excerpt":{"rendered":"El Colegio Oficial de Enfermeras y Enfermeros de las Islas Baleares convoca varias plazas para formar parte de la Comisi\u00f3n...","protected":false},"author":9,"featured_media":0,"parent":0,"menu_order":0,"comment_status":"closed","ping_status":"closed","template":"full_width.php","meta":{"footnotes":""},"class_list":["post-25848","page","type-page","status-publish","hentry"],"_links":{"self":[{"href":"https:\/\/infermeriabalear.com\/es\/wp-json\/wp\/v2\/pages\/25848","targetHints":{"allow":["GET"]}}],"collection":[{"href":"https:\/\/infermeriabalear.com\/es\/wp-json\/wp\/v2\/pages"}],"about":[{"href":"https:\/\/infermeriabalear.com\/es\/wp-json\/wp\/v2\/types\/page"}],"author":[{"embeddable":true,"href":"https:\/\/infermeriabalear.com\/es\/wp-json\/wp\/v2\/users\/9"}],"replies":[{"embeddable":true,"href":"https:\/\/infermeriabalear.com\/es\/wp-json\/wp\/v2\/comments?post=25848"}],"version-history":[{"count":28,"href":"https:\/\/infermeriabalear.com\/es\/wp-json\/wp\/v2\/pages\/25848\/revisions"}],"predecessor-version":[{"id":45972,"href":"https:\/\/infermeriabalear.com\/es\/wp-json\/wp\/v2\/pages\/25848\/revisions\/45972"}],"wp:attachment":[{"href":"https:\/\/infermeriabalear.com\/es\/wp-json\/wp\/v2\/media?parent=25848"}],"curies":[{"name":"wp","href":"https:\/\/api.w.org\/{rel}","templated":true}]}}